{"id":10958,"date":"2024-11-22T13:58:20","date_gmt":"2024-11-22T12:58:20","guid":{"rendered":"https:\/\/fundacionrodriguezacostanew.desarrollotrevenque.com\/the-foundation\/the-gomez-moreno-institute\/"},"modified":"2025-11-21T10:24:55","modified_gmt":"2025-11-21T09:24:55","slug":"the-gomez-moreno-institute","status":"publish","type":"page","link":"https:\/\/www.fundacionrodriguezacosta.com\/en\/the-foundation\/the-gomez-moreno-institute\/","title":{"rendered":"The G\u00f3mez-Moreno Institute"},"content":{"rendered":"<div class=\"gb-container gb-container-8b933b33 hero-video alignfull\">\n<div class=\"gb-container gb-container-cc06ad98\">\n\n<video loop=\"\" muted=\"\" autoplay=\"\" playsinline=\"\" poster=\"URL\/TO\/poster.jpg\" class=\"background-video\">\n    <source src=\"https:\/\/www.fundacionrodriguezacosta.com\/wp-content\/uploads\/2024\/11\/8b0d96b341f6399738e5b774d4704507b16966a3.mp4\" type=\"video\/mp4\">\n<\/source><\/video>\n\n<div class=\"background-video-content\">\n    \n    <h1>El Instituto G\u00f3mez-Moreno<\/h1>\n<\/div>\n\n<\/div>\n<\/div>\n\n<div class=\"gb-container gb-container-6467a97b alignfull\">\n<div class=\"gb-container gb-container-9c2fc030 gbp-section\">\n<div class=\"gb-grid-wrapper gb-grid-wrapper-a8ac11ee\">\n<div class=\"gb-grid-column gb-grid-column-163b3f81\"><div class=\"gb-container gb-container-163b3f81\">\n<div class=\"gb-container gb-container-222c0bcc\">\n\n<div class=\"gb-headline gb-headline-25327e19 gb-headline-text gbp-section__tagline\">driving knowledge<\/div>\n\n\n\n<h2 class=\"gb-headline gb-headline-ecbd82a8 gb-headline-text gbp-section__headline\"><span style=\"white-space:pre-wrap;\">History of the G\u00f3mez Moreno Institute<\/span><\/h2>\n\n\n\n<p>This institution was constituted on April 29, 1972 when the Board of Trustees of the Rodriguez-Acosta Foundation and the daughters of Manuel Gomez-Moreno Martinez, Maria Elena, Carmen and Natividad, reached an agreement on the transfer of the legacy. This would be housed in a new building on the grounds of the Foundation&#8217;s Carmen, and would consist of a museum, an archive and a library with a primary dedication to research work in the fields of archaeology and art history related to Hispanic cultures. <\/p>\n\n<\/div>\n\n<div class=\"gb-container gb-container-5d4d06f3\">\n\n<h3 class=\"gb-headline gb-headline-a0124d0e gb-headline-text\">Aims and objectives<\/h3>\n\n\n\n<p>For economic and legal purposes, the Institute would depend on the Foundation, but would be governed by its own statutes and would also have its own Governing Board.<\/p>\n\n\n\n<p>The ultimate goals and specific objectives of the Institute are the:<\/p>\n\n\n\n<ul class=\"wp-block-list\">\n<li>Arrangement, registration and cataloguing of the Legacy&#8217;s collections.<\/li>\n\n\n\n<li>Conservation and exhibition of the artistic and archaeological collections owned by the Institute.<\/li>\n\n\n\n<li>Research in the fields of Archaeology and Art History related to Hispanic cultures.<\/li>\n\n\n\n<li>Reissue of the out-of-print works of Manuel G\u00f3mez-Moreno Mart\u00ednez, integrating also in this series, among other authors, those of his father, the also researcher Manuel G\u00f3mez-Moreno Gonz\u00e1lez.<\/li>\n\n\n\n<li>Development within the Institute of research work under the direction of specialists and previously approved by the Governing Board, in which the funds kept in the museum, archives and library of the Institute may be used.<\/li>\n\n\n\n<li>Collaboration in exhibitions and research programs in the fields of Art History, Archaeology and History, carried out by other organizations, such as Universities, Museums and Spanish or foreign Foundations.<\/li>\n<\/ul>\n\n\n\n<p>All these activities are carried out according to plans approved by the Governing Board, as well as any other activity that, in the opinion of the Governing Board, contributes to the fulfillment of the purposes for which the Institute was created.<\/p>\n\n<\/div>\n<\/div><\/div>\n\n<div class=\"gb-grid-column gb-grid-column-dd0f1d22\"><div class=\"gb-container gb-container-dd0f1d22\"><\/div><\/div>\n<\/div>\n<\/div>\n<\/div>\n\n<div class=\"gb-container gb-container-378dffd3 alignfull\">\n<div class=\"gb-container gb-container-644b0c86 gbp-section__inner\">\n<div class=\"gb-grid-wrapper gb-grid-wrapper-9d1f2126\">\n<div class=\"gb-grid-column gb-grid-column-3c396a3c\"><div class=\"gb-container gb-container-3c396a3c\">\n<div class=\"gb-container gb-container-5408cc39\">\n\n<h4 class=\"gb-headline gb-headline-c7c2ef7d gb-headline-text\">Museum collection<\/h4>\n\n\n\n<a class=\"gb-button gb-button-6d3dfe6f btn-icon-only\" href=\"\/en\/collections\/\"><span class=\"gb-icon\"><svg xmlns=\"http:\/\/www.w3.org\/2000\/svg\" fill=\"none\" viewBox=\"0 0 28 16\" height=\"16\" width=\"28\"> <path fill=\"#4E4137\" d=\"M19.5 0L18.085 1.415L23.67 7H0.5V9H23.67L18.085 14.585L19.5 16L27.5 8L19.5 0Z\"><\/path> <\/svg><\/span><\/a>\n\n<\/div>\n\n<div class=\"gb-container gb-container-12e4fecb\"><\/div>\n<\/div><\/div>\n\n<div class=\"gb-grid-column gb-grid-column-a8ee13df\"><div class=\"gb-container gb-container-a8ee13df\">\n<div class=\"gb-container gb-container-c17f7e7f\">\n\n<h4 class=\"gb-headline gb-headline-8a034c40 gb-headline-text\">Bibliographic collection<\/h4>\n\n\n\n<a class=\"gb-button gb-button-e99a34b7 btn-icon-only\" href=\"https:\/\/entradasfra.com\/entradas\/\" target=\"_blank\" rel=\"noopener noreferrer\"><span class=\"gb-icon\"><svg xmlns=\"http:\/\/www.w3.org\/2000\/svg\" fill=\"none\" viewBox=\"0 0 28 16\" height=\"16\" width=\"28\"> <path fill=\"#4E4137\" d=\"M19.5 0L18.085 1.415L23.67 7H0.5V9H23.67L18.085 14.585L19.5 16L27.5 8L19.5 0Z\"><\/path> <\/svg><\/span><\/a>\n\n<\/div>\n\n<div class=\"gb-container gb-container-a45692a3\"><\/div>\n<\/div><\/div>\n<\/div>\n<\/div>\n<\/div>\n\n<div class=\"gb-container gb-container-a8b4bf5f alignfull\">\n<div class=\"gb-container gb-container-b2f3362c\">\n<div class=\"gb-grid-wrapper gb-grid-wrapper-e08a8233\">\n<div class=\"gb-grid-column gb-grid-column-57325c75\"><div class=\"gb-container gb-container-57325c75\"><\/div><\/div>\n\n<div class=\"gb-grid-column gb-grid-column-e090fcc2\"><div class=\"gb-container gb-container-e090fcc2\">\n\n<div class=\"gb-headline gb-headline-77e3a902 gb-headline-text gbp-section__tagline\">architectural balance<\/div>\n\n\n\n<h2 class=\"gb-headline gb-headline-396f0102 gb-headline-text gbp-section__headline\"><span style=\"white-space:pre-wrap;\">The building<\/span><\/h2>\n\n\n\n<p>The Caja General de Ahorros de Granada defrayed the construction costs of the building, donating it generously to the Foundation. It was built between 1978 and 1982 according to a project by the architect <strong>Jos\u00e9 Mar\u00eda Garc\u00eda de Paredes<\/strong>. <br><\/p>\n\n\n\n<p>The building is located within the grounds of the Foundation, adjacent to the carmen, with which it communicates through its gardens, although it is an independent nucleus with its own entrance from the outside and the possibility of autonomous operation for the purposes of visits, services and other functions. It can be accessed from Ni\u00f1os del Rollo street or from one of the two main patios of the carmen&#8217;s garden -the so-called Patio de Venus-. The uniqueness of the carmen of the Foundation, fully integrated over the years in the landscape of Granada, and its proximity to the Torres Bermejas, suggested an approach in the creation of the new volumes that would not alter the architectural balance of the area. This approach implied, on the one hand, that the dominant volume of the new museum exhibition hall should not exceed the authorized height, being partly hidden by the pre-existing building, and on the other hand, that the new volumes created should not compete in scale with the small architectural modules of the surroundings. In accordance with these basic principles, the elements that make up the program were staggered, making rational use of the steep slopes of the terrain.    <br><\/p>\n\n\n\n<p>The dominant element, corresponding to the main exhibition hall, was placed at the level of the Courtyard of Venus, thus obtaining both a route of maximum interest by the public as a psychological preparation through the gardens and courtyards, as well as hiding its dimensions to a large extent behind the wall crowned with arches that constitutes the back of the courtyard of the pond. A small octagonal chamber, inside which its shape is repeated in a large showcase-lucernarium, houses part of the archaeological collection. <\/p>\n\n<\/div><\/div>\n<\/div>\n<\/div>\n<\/div>\n\n<div class=\"gb-container gb-container-c761815a gbp-section\">\n<div class=\"gb-container gb-container-5ca2eda0 gbp-section__inner\">\n<div class=\"gb-grid-wrapper gb-grid-wrapper-a292b671\">\n<div class=\"gb-grid-column gb-grid-column-96aa8c27\"><div class=\"gb-container gb-container-96aa8c27\">\n\n<figure class=\"gb-block-image gb-block-image-7407a932\"><img decoding=\"async\" width=\"1024\" height=\"683\" class=\"gb-image gb-image-7407a932\" src=\"https:\/\/www.fundacionrodriguezacosta.com\/wp-content\/uploads\/2024\/11\/fundacion-rodriguez-acosta029-prueba-1024x683.jpg\" alt=\"\" title=\"fundacion-rodriguez-acosta029-prueba\" srcset=\"https:\/\/www.fundacionrodriguezacosta.com\/wp-content\/uploads\/2024\/11\/fundacion-rodriguez-acosta029-prueba-1024x683.jpg 1024w, https:\/\/www.fundacionrodriguezacosta.com\/wp-content\/uploads\/2024\/11\/fundacion-rodriguez-acosta029-prueba-300x200.jpg 300w, https:\/\/www.fundacionrodriguezacosta.com\/wp-content\/uploads\/2024\/11\/fundacion-rodriguez-acosta029-prueba-768x512.jpg 768w, https:\/\/www.fundacionrodriguezacosta.com\/wp-content\/uploads\/2024\/11\/fundacion-rodriguez-acosta029-prueba-1536x1024.jpg 1536w, https:\/\/www.fundacionrodriguezacosta.com\/wp-content\/uploads\/2024\/11\/fundacion-rodriguez-acosta029-prueba.jpg 2048w\" sizes=\"(max-width: 1024px) 100vw, 1024px\"><\/figure>\n\n\n\n<figure class=\"gb-block-image gb-block-image-1075c31e\"><img decoding=\"async\" width=\"1024\" height=\"682\" class=\"gb-image gb-image-1075c31e\" src=\"https:\/\/www.fundacionrodriguezacosta.com\/wp-content\/uploads\/2024\/11\/fundacion-rodriguez-acosta015-prueba-1024x682.jpg\" alt=\"\" title=\"fundacion-rodriguez-acosta015-prueba\" srcset=\"https:\/\/www.fundacionrodriguezacosta.com\/wp-content\/uploads\/2024\/11\/fundacion-rodriguez-acosta015-prueba-1024x682.jpg 1024w, https:\/\/www.fundacionrodriguezacosta.com\/wp-content\/uploads\/2024\/11\/fundacion-rodriguez-acosta015-prueba-300x200.jpg 300w, https:\/\/www.fundacionrodriguezacosta.com\/wp-content\/uploads\/2024\/11\/fundacion-rodriguez-acosta015-prueba-768x512.jpg 768w, https:\/\/www.fundacionrodriguezacosta.com\/wp-content\/uploads\/2024\/11\/fundacion-rodriguez-acosta015-prueba-1536x1024.jpg 1536w, https:\/\/www.fundacionrodriguezacosta.com\/wp-content\/uploads\/2024\/11\/fundacion-rodriguez-acosta015-prueba.jpg 2000w\" sizes=\"(max-width: 1024px) 100vw, 1024px\"><\/figure>\n\n<\/div><\/div>\n\n<div class=\"gb-grid-column gb-grid-column-e833cf76\"><div class=\"gb-container gb-container-e833cf76\">\n\n<figure class=\"gb-block-image gb-block-image-98f7fe85\"><img decoding=\"async\" width=\"1024\" height=\"683\" class=\"gb-image gb-image-98f7fe85\" src=\"https:\/\/www.fundacionrodriguezacosta.com\/wp-content\/uploads\/2024\/11\/fundacion-rodriguez-acosta028-prueba-1024x683.jpg\" alt=\"\" title=\"fundacion-rodriguez-acosta028-prueba\" srcset=\"https:\/\/www.fundacionrodriguezacosta.com\/wp-content\/uploads\/2024\/11\/fundacion-rodriguez-acosta028-prueba-1024x683.jpg 1024w, https:\/\/www.fundacionrodriguezacosta.com\/wp-content\/uploads\/2024\/11\/fundacion-rodriguez-acosta028-prueba-300x200.jpg 300w, https:\/\/www.fundacionrodriguezacosta.com\/wp-content\/uploads\/2024\/11\/fundacion-rodriguez-acosta028-prueba-768x512.jpg 768w, https:\/\/www.fundacionrodriguezacosta.com\/wp-content\/uploads\/2024\/11\/fundacion-rodriguez-acosta028-prueba-1536x1024.jpg 1536w, https:\/\/www.fundacionrodriguezacosta.com\/wp-content\/uploads\/2024\/11\/fundacion-rodriguez-acosta028-prueba.jpg 2048w\" sizes=\"(max-width: 1024px) 100vw, 1024px\"><\/figure>\n\n\n\n<figure class=\"gb-block-image gb-block-image-6408d987\"><img decoding=\"async\" width=\"1024\" height=\"683\" class=\"gb-image gb-image-6408d987\" src=\"https:\/\/www.fundacionrodriguezacosta.com\/wp-content\/uploads\/2024\/11\/fundacion-rodriguez-acosta030-prueba-1024x683.jpg\" alt=\"\" title=\"fundacion-rodriguez-acosta030-prueba\" srcset=\"https:\/\/www.fundacionrodriguezacosta.com\/wp-content\/uploads\/2024\/11\/fundacion-rodriguez-acosta030-prueba-1024x683.jpg 1024w, https:\/\/www.fundacionrodriguezacosta.com\/wp-content\/uploads\/2024\/11\/fundacion-rodriguez-acosta030-prueba-300x200.jpg 300w, https:\/\/www.fundacionrodriguezacosta.com\/wp-content\/uploads\/2024\/11\/fundacion-rodriguez-acosta030-prueba-768x512.jpg 768w, https:\/\/www.fundacionrodriguezacosta.com\/wp-content\/uploads\/2024\/11\/fundacion-rodriguez-acosta030-prueba-1536x1024.jpg 1536w, https:\/\/www.fundacionrodriguezacosta.com\/wp-content\/uploads\/2024\/11\/fundacion-rodriguez-acosta030-prueba.jpg 1600w\" sizes=\"(max-width: 1024px) 100vw, 1024px\"><\/figure>\n\n<\/div><\/div>\n\n<div class=\"gb-grid-column gb-grid-column-d00b8c23\"><div class=\"gb-container gb-container-d00b8c23\">\n\n<figure class=\"gb-block-image gb-block-image-35167197\"><img decoding=\"async\" width=\"1024\" height=\"683\" class=\"gb-image gb-image-35167197\" src=\"https:\/\/www.fundacionrodriguezacosta.com\/wp-content\/uploads\/2024\/11\/fundacion-rodriguez-acosta007-prueba-1024x683.jpg\" alt=\"\" title=\"fundacion-rodriguez-acosta007-prueba\" srcset=\"https:\/\/www.fundacionrodriguezacosta.com\/wp-content\/uploads\/2024\/11\/fundacion-rodriguez-acosta007-prueba-1024x683.jpg 1024w, https:\/\/www.fundacionrodriguezacosta.com\/wp-content\/uploads\/2024\/11\/fundacion-rodriguez-acosta007-prueba-300x200.jpg 300w, https:\/\/www.fundacionrodriguezacosta.com\/wp-content\/uploads\/2024\/11\/fundacion-rodriguez-acosta007-prueba-768x512.jpg 768w, https:\/\/www.fundacionrodriguezacosta.com\/wp-content\/uploads\/2024\/11\/fundacion-rodriguez-acosta007-prueba-1536x1024.jpg 1536w, https:\/\/www.fundacionrodriguezacosta.com\/wp-content\/uploads\/2024\/11\/fundacion-rodriguez-acosta007-prueba.jpg 2048w\" sizes=\"(max-width: 1024px) 100vw, 1024px\"><\/figure>\n\n\n\n<figure class=\"gb-block-image gb-block-image-b264ec3b\"><img decoding=\"async\" width=\"1024\" height=\"683\" class=\"gb-image gb-image-b264ec3b\" src=\"https:\/\/www.fundacionrodriguezacosta.com\/wp-content\/uploads\/2024\/11\/fundacion-rodriguez-acosta033-prueba-1024x683.jpg\" alt=\"\" title=\"fundacion-rodriguez-acosta033-prueba\" srcset=\"https:\/\/www.fundacionrodriguezacosta.com\/wp-content\/uploads\/2024\/11\/fundacion-rodriguez-acosta033-prueba-1024x683.jpg 1024w, https:\/\/www.fundacionrodriguezacosta.com\/wp-content\/uploads\/2024\/11\/fundacion-rodriguez-acosta033-prueba-300x200.jpg 300w, https:\/\/www.fundacionrodriguezacosta.com\/wp-content\/uploads\/2024\/11\/fundacion-rodriguez-acosta033-prueba-768x512.jpg 768w, https:\/\/www.fundacionrodriguezacosta.com\/wp-content\/uploads\/2024\/11\/fundacion-rodriguez-acosta033-prueba-1536x1024.jpg 1536w, https:\/\/www.fundacionrodriguezacosta.com\/wp-content\/uploads\/2024\/11\/fundacion-rodriguez-acosta033-prueba.jpg 1600w\" sizes=\"(max-width: 1024px) 100vw, 1024px\"><\/figure>\n\n<\/div><\/div>\n<\/div>\n<\/div>\n<\/div>","protected":false},"excerpt":{"rendered":"<p>El Instituto G\u00f3mez-Moreno<\/p>\n","protected":false},"author":1,"featured_media":10595,"parent":10667,"menu_order":0,"comment_status":"closed","ping_status":"closed","template":"","meta":{"_acf_changed":false,"footnotes":""},"class_list":["post-10958","page","type-page","status-publish","has-post-thumbnail"],"acf":[],"_links":{"self":[{"href":"https:\/\/www.fundacionrodriguezacosta.com\/en\/wp-json\/wp\/v2\/pages\/10958","targetHints":{"allow":["GET"]}}],"collection":[{"href":"https:\/\/www.fundacionrodriguezacosta.com\/en\/wp-json\/wp\/v2\/pages"}],"about":[{"href":"https:\/\/www.fundacionrodriguezacosta.com\/en\/wp-json\/wp\/v2\/types\/page"}],"author":[{"embeddable":true,"href":"https:\/\/www.fundacionrodriguezacosta.com\/en\/wp-json\/wp\/v2\/users\/1"}],"replies":[{"embeddable":true,"href":"https:\/\/www.fundacionrodriguezacosta.com\/en\/wp-json\/wp\/v2\/comments?post=10958"}],"version-history":[{"count":5,"href":"https:\/\/www.fundacionrodriguezacosta.com\/en\/wp-json\/wp\/v2\/pages\/10958\/revisions"}],"predecessor-version":[{"id":11732,"href":"https:\/\/www.fundacionrodriguezacosta.com\/en\/wp-json\/wp\/v2\/pages\/10958\/revisions\/11732"}],"up":[{"embeddable":true,"href":"https:\/\/www.fundacionrodriguezacosta.com\/en\/wp-json\/wp\/v2\/pages\/10667"}],"wp:featuredmedia":[{"embeddable":true,"href":"https:\/\/www.fundacionrodriguezacosta.com\/en\/wp-json\/wp\/v2\/media\/10595"}],"wp:attachment":[{"href":"https:\/\/www.fundacionrodriguezacosta.com\/en\/wp-json\/wp\/v2\/media?parent=10958"}],"curies":[{"name":"wp","href":"https:\/\/api.w.org\/{rel}","templated":true}]}}